{"id":47,"date":"2018-06-07T15:07:51","date_gmt":"2018-06-07T13:07:51","guid":{"rendered":"https:\/\/lefthander-consulting.org\/?page_id=47"},"modified":"2026-03-17T12:28:20","modified_gmt":"2026-03-17T11:28:20","slug":"veranstaltungen","status":"publish","type":"page","link":"https:\/\/lefthander-consulting.org\/deutsch\/aktuelles\/veranstaltungen\/","title":{"rendered":"Veranstaltungen zur Linksh\u00e4ndigkeit"},"content":{"rendered":"<p><span style=\"font-family: arial, helvetica, sans-serif;font-size: 20pt\"><span style=\"font-size: 36pt\">Seminare &amp; Vortr\u00e4ge<\/span> <\/span><\/p>\n<p style=\"font-weight: 400\"><span style=\"font-family: arial, helvetica, sans-serif;font-size: 20pt\"><strong>Zusatzausbildung <\/strong><strong>zum\/zur zertifizierten Linksh\u00e4nder-BeraterIn<\/strong><\/span><strong><span style=\"font-size: 20pt\"><br \/>\n<span style=\"font-family: arial, helvetica, sans-serif;font-size: 20pt\">nach Methodik Dr. Johanna Barbara Sattler (S-MH<sup>\u00ae<\/sup>)<\/span><br \/>\n<\/span><\/strong><\/p>\n<table width=\"97{825ce7bd96552d1387c5a289f2c5d726b29c9493506ae97cbdb5f5336ecdc2a9}\">\n<tbody>\n<tr>\n<td>Die <em>Zusatzausbildung zum\/zur zertifizierten Linksh\u00e4nder-BeraterIn nach Methodik Dr. Johanna Barbara Sattler<\/em>\u00a0k\u00f6nnen Fachleute erwerben, die eine Berufsausbildung und Berufserfahrungen in p\u00e4dagogischen, therapeutischen oder medizinischen Bereichen haben. Genauere Einzelheiten finden Sie auf unserer Seite\u00a0<a href=\"https:\/\/lefthander-consulting.org\/deutsch\/aktuelles\/zusatzausbildung-zum-s-mh-berater\/\">Zusatzausbildung<\/a>.<\/p>\n<p>Dr. Sattler f\u00fchrt bei den im Folgenden aufgef\u00fchrten Veranstaltern und an verschiedenen Orten die Kurse der Zusatzausbildung durch; Preis und Ort erfragen Sie bitte bei den Veranstaltern:<\/td>\n<\/tr>\n<\/tbody>\n<\/table>\n<p><span style=\"font-size: 36pt\">Seit der Corona-Pandemie finden Seminare und Kurse zum Teil auch online statt.<br \/>\n<\/span><\/p>\n<p>&nbsp;<\/p>\n<p style=\"font-weight: 400\"><span style=\"font-size: 14pt\"><b><strong><span style=\"font-size: 22pt\">Akademie f\u00fcr praxisnahe Bildung<\/span><br \/>\n<\/strong><\/b>Lichtenhaidestr. 15, 96052 Bamberg, Tel. 0951 \/ 20 20 76, <\/span><a href=\"http:\/\/www.akademiebamberg.de\/\"><span style=\"font-size: 14pt\">www.akademiebamberg.de<\/span><\/a><\/p>\n\n<table id=\"tablepress-153\" class=\"tablepress tablepress-id-153\">\n<thead>\n<tr class=\"row-1\">\n\t<th class=\"column-1\"><strong>Online<\/strong><\/th><td class=\"column-2\"><\/td><td class=\"column-3\"><\/td><td class=\"column-4\"><\/td>\n<\/tr>\n<\/thead>\n<tbody class=\"row-striping row-hover\">\n<tr class=\"row-2\">\n\t<td class=\"column-1\"><strong>Kursreihe<\/strong><\/td><td class=\"column-2\"><strong>Datum<\/strong><\/td><td class=\"column-3\"><strong>Uhrzeit<\/strong><\/td><td class=\"column-4\"><\/td>\n<\/tr>\n<tr class=\"row-3\">\n\t<td class=\"column-1\">4. Seminar-Block<\/td><td class=\"column-2\">08.05.2026<br \/>\n09.05.2026<\/td><td class=\"column-3\">09.00 - 16.00 Uhr<br \/>\n09.00 - 16.00 Uhr<\/td><td class=\"column-4\"><\/td>\n<\/tr>\n<tr class=\"row-4\">\n\t<td class=\"column-1\">Supervisionsseminar<\/td><td class=\"column-2\">14.10.2026<br \/>\n15.10.2026<br \/>\n<\/td><td class=\"column-3\">09.00 - 16.00 Uhr<br \/>\n09.00 - 16.00 Uhr<\/td><td class=\"column-4\"><\/td>\n<\/tr>\n<tr class=\"row-5\">\n\t<td class=\"column-1\">5. Seminar-Block<\/td><td class=\"column-2\">16.10.2026<br \/>\n17.10.2026<\/td><td class=\"column-3\">09.00 - 16.00 Uhr<br \/>\n09.00 - 16.00 Uhr<\/td><td class=\"column-4\"><\/td>\n<\/tr>\n<tr class=\"row-6\">\n\t<td class=\"column-1\">Supervisionsseminar<\/td><td class=\"column-2\">18.10.2026<br \/>\n19.10.2026<br \/>\n<\/td><td class=\"column-3\">09.00 - 16.00 Uhr<br \/>\n09.00 - 16.00 Uhr<\/td><td class=\"column-4\"><\/td>\n<\/tr>\n<tr class=\"row-7\">\n\t<td class=\"column-1\">6. Seminar-Block<\/td><td class=\"column-2\">15.01.2027<br \/>\n16.01.2027<\/td><td class=\"column-3\">09.00 - 16.00 Uhr<br \/>\n09.00 - 16.00 Uhr<\/td><td class=\"column-4\"><\/td>\n<\/tr>\n<\/tbody>\n<\/table>\n<!-- #tablepress-153 from cache -->\n<p>&nbsp;<\/p>\n\n<table id=\"tablepress-158\" class=\"tablepress tablepress-id-158\">\n<thead>\n<tr class=\"row-1\">\n\t<th class=\"column-1\"><strong>Online<\/strong><\/th><td class=\"column-2\"><\/td><td class=\"column-3\"><\/td><td class=\"column-4\"><\/td>\n<\/tr>\n<\/thead>\n<tbody class=\"row-striping row-hover\">\n<tr class=\"row-2\">\n\t<td class=\"column-1\"><strong>Kursreihe<\/strong><\/td><td class=\"column-2\"><strong>Datum<\/strong><\/td><td class=\"column-3\"><strong>Uhrzeit<\/strong><\/td><td class=\"column-4\"><\/td>\n<\/tr>\n<tr class=\"row-3\">\n\t<td class=\"column-1\">1. Seminar-Block<\/td><td class=\"column-2\">10.07.2026<br \/>\n11.07.2026<\/td><td class=\"column-3\">09.00 - 16.00 Uhr<br \/>\n09.00 - 16.00 Uhr<\/td><td class=\"column-4\"><\/td>\n<\/tr>\n<tr class=\"row-4\">\n\t<td class=\"column-1\">2. Seminar-Block<\/td><td class=\"column-2\">02.10.2026<br \/>\n03.10.2026<\/td><td class=\"column-3\">09.00 - 16.00 Uhr<br \/>\n09.00 - 16.00 Uhr<\/td><td class=\"column-4\"><\/td>\n<\/tr>\n<tr class=\"row-5\">\n\t<td class=\"column-1\">3. Seminar-Block<\/td><td class=\"column-2\">19.02.2027<br \/>\n20.02.2027<\/td><td class=\"column-3\">09.00 - 16.00 Uhr<br \/>\n09.00 - 16.00 Uhr<\/td><td class=\"column-4\"><\/td>\n<\/tr>\n<tr class=\"row-6\">\n\t<td class=\"column-1\">4. Seminar-Block<\/td><td class=\"column-2\">18.06.2027<br \/>\n19.06.2027<\/td><td class=\"column-3\">09.00 - 16.00 Uhr<br \/>\n09.00 - 16.00 Uhr<\/td><td class=\"column-4\"><\/td>\n<\/tr>\n<tr class=\"row-7\">\n\t<td class=\"column-1\">Supervisionsseminar<\/td><td class=\"column-2\">17.11.2027<br \/>\n18.11.2027<\/td><td class=\"column-3\"><\/td><td class=\"column-4\"><\/td>\n<\/tr>\n<tr class=\"row-8\">\n\t<td class=\"column-1\">5. Seminar-Block<\/td><td class=\"column-2\">19.11.2027<br \/>\n20.11.2027<\/td><td class=\"column-3\">09.00 - 16.00 Uhr<br \/>\n09.00 - 16.00 Uhr<\/td><td class=\"column-4\"><\/td>\n<\/tr>\n<tr class=\"row-9\">\n\t<td class=\"column-1\">Supervisionsseminar<\/td><td class=\"column-2\">21.11.2027<br \/>\n22.11.2027<\/td><td class=\"column-3\">09.00 - 16.00 Uhr<br \/>\n09.00 - 16.00 Uhr<\/td><td class=\"column-4\"><\/td>\n<\/tr>\n<tr class=\"row-10\">\n\t<td class=\"column-1\">6. Seminar-Block<\/td><td class=\"column-2\">31.03.2028<br \/>\n01.04.2028<\/td><td class=\"column-3\">09.00 - 16.00 Uhr<br \/>\n09.00 - 16.00 Uhr<\/td><td class=\"column-4\"><\/td>\n<\/tr>\n<\/tbody>\n<\/table>\n<!-- #tablepress-158 from cache -->\n<p style=\"font-weight: 400\"><span style=\"font-size: 22pt\"><b><strong>Heimerer Akademie<br \/>\n<\/strong><\/b><\/span><span style=\"font-size: 14pt\">Hohmannstr. 7b, 04129 Leipzig, Tel. 03421 \/ 72 87 72 &#8211; 0, <\/span><a href=\"http:\/\/www.heimerer-akademie.de\/index.php?id=53\"><span style=\"font-size: 14pt\">www.heimerer-akademie.de<\/span><\/a><b><strong>\u00a0<\/strong><\/b><\/p>\n\n<table id=\"tablepress-157\" class=\"tablepress tablepress-id-157\">\n<thead>\n<tr class=\"row-1\">\n\t<th class=\"column-1\"><strong>Leipzig<\/strong><\/th><td class=\"column-2\"><\/td><td class=\"column-3\"><\/td><td class=\"column-4\"><\/td>\n<\/tr>\n<\/thead>\n<tbody class=\"row-striping row-hover\">\n<tr class=\"row-2\">\n\t<td class=\"column-1\"><strong>Kursreihe<\/strong><\/td><td class=\"column-2\"><strong>Datum<\/strong><\/td><td class=\"column-3\"><strong>Uhrzeit<\/strong><\/td><td class=\"column-4\"><\/td>\n<\/tr>\n<tr class=\"row-3\">\n\t<td class=\"column-1\">4. Seminar-Block<\/td><td class=\"column-2\">28.08.2026<br \/>\n29.08.2026<\/td><td class=\"column-3\">09.00 - 16.00 Uhr<br \/>\n09.00 - 16.00 Uhr<\/td><td class=\"column-4\"><\/td>\n<\/tr>\n<tr class=\"row-4\">\n\t<td class=\"column-1\">5. Seminar-Block<\/td><td class=\"column-2\">06.11.2026<br \/>\n07.11.2026<\/td><td class=\"column-3\">09.00 - 16.00 Uhr<br \/>\n09.00 - 16.00 Uhr<\/td><td class=\"column-4\"><\/td>\n<\/tr>\n<tr class=\"row-5\">\n\t<td class=\"column-1\">Supervisionsseminar<\/td><td class=\"column-2\">08.11.2026<br \/>\n09.11.2026<br \/>\n10.11.2026<\/td><td class=\"column-3\">09.00 - 16.00 Uhr<br \/>\n09.00 - 16.00 Uhr<br \/>\n09.00 - 16.00 Uhr<\/td><td class=\"column-4\"><\/td>\n<\/tr>\n<tr class=\"row-6\">\n\t<td class=\"column-1\">6. Seminar-Block<\/td><td class=\"column-2\">12.03.2027<br \/>\n13.03.2027<\/td><td class=\"column-3\">09.00 - 16.00 Uhr<br \/>\n09.00 - 16.00 Uhr<\/td><td class=\"column-4\"><\/td>\n<\/tr>\n<\/tbody>\n<\/table>\n<!-- #tablepress-157 from cache -->\n<p>&nbsp;<\/p>\n\n<table id=\"tablepress-63\" class=\"tablepress tablepress-id-63\">\n<thead>\n<tr class=\"row-1\">\n\t<th class=\"column-1\"><strong>Leipzig<\/strong><\/th><td class=\"column-2\"><\/td><td class=\"column-3\"><\/td><td class=\"column-4\"><\/td>\n<\/tr>\n<\/thead>\n<tbody class=\"row-striping row-hover\">\n<tr class=\"row-2\">\n\t<td class=\"column-1\"><strong>Kursreihe<\/strong><\/td><td class=\"column-2\"><strong>Datum<\/strong><\/td><td class=\"column-3\"><strong>Uhrzeit<\/strong><\/td><td class=\"column-4\"><\/td>\n<\/tr>\n<tr class=\"row-3\">\n\t<td class=\"column-1\">1. Seminar-Block<\/td><td class=\"column-2\">12.06.2026<br \/>\n13.06.2026<\/td><td class=\"column-3\">09.00 - 16.00 Uhr<br \/>\n09.00 - 16.00 Uhr<\/td><td class=\"column-4\"><\/td>\n<\/tr>\n<tr class=\"row-4\">\n\t<td class=\"column-1\">1. Seminar-Block<\/td><td class=\"column-2\">04.12.2026<br \/>\n05.12.2026<\/td><td class=\"column-3\">09.00 - 16.00 Uhr<br \/>\n09.00 - 16.00 Uhr<\/td><td class=\"column-4\"><\/td>\n<\/tr>\n<tr class=\"row-5\">\n\t<td class=\"column-1\">2. Seminar-Block<\/td><td class=\"column-2\">06.12.2026<br \/>\n07.12.2026<\/td><td class=\"column-3\">09.00 - 16.00 Uhr<br \/>\n09.00 - 16.00 Uhr<\/td><td class=\"column-4\"><\/td>\n<\/tr>\n<tr class=\"row-6\">\n\t<td class=\"column-1\">3. Seminar-Block<\/td><td class=\"column-2\">14.03.2027<br \/>\n15.03.2027<\/td><td class=\"column-3\">09.00 - 16.00 Uhr<br \/>\n09.00 - 16.00 Uhr<\/td><td class=\"column-4\"><\/td>\n<\/tr>\n<tr class=\"row-7\">\n\t<td class=\"column-1\">4. Seminar-Block<\/td><td class=\"column-2\">11.06.2027<br \/>\n12.06.2027<\/td><td class=\"column-3\">09.00 - 16.00 Uhr<br \/>\n09.00 - 16.00 Uhr<\/td><td class=\"column-4\"><\/td>\n<\/tr>\n<tr class=\"row-8\">\n\t<td class=\"column-1\">5. Seminar-Block<\/td><td class=\"column-2\">08.10.2027<br \/>\n09.10.2027<\/td><td class=\"column-3\">09.00 - 16.00 Uhr<br \/>\n09.00 - 16.00 Uhr<\/td><td class=\"column-4\"><\/td>\n<\/tr>\n<tr class=\"row-9\">\n\t<td class=\"column-1\">Supervisionsseminar<\/td><td class=\"column-2\">10.10.2027<br \/>\n11.10.2027<br \/>\n12.10.2027<\/td><td class=\"column-3\">09.00 - 16.00 Uhr<br \/>\n09.00 - 16.00 Uhr<br \/>\n09.00 - 16.00 Uhr<\/td><td class=\"column-4\"><\/td>\n<\/tr>\n<tr class=\"row-10\">\n\t<td class=\"column-1\">6. Seminar-Block<\/td><td class=\"column-2\">10.03.2028<br \/>\n11.03.2028<\/td><td class=\"column-3\">09.00 - 16.00 Uhr<br \/>\n09.00 - 16.00 Uhr<\/td><td class=\"column-4\"><\/td>\n<\/tr>\n<\/tbody>\n<\/table>\n<!-- #tablepress-63 from cache -->\n<p>&nbsp;<\/p>\n\n<table id=\"tablepress-155\" class=\"tablepress tablepress-id-155\">\n<thead>\n<tr class=\"row-1\">\n\t<th class=\"column-1\"><strong>M\u00fcnchen<\/strong><\/th><td class=\"column-2\"><\/td><td class=\"column-3\"><\/td><td class=\"column-4\"><\/td>\n<\/tr>\n<\/thead>\n<tbody class=\"row-striping row-hover\">\n<tr class=\"row-2\">\n\t<td class=\"column-1\"><strong>Kursreihe<\/strong><\/td><td class=\"column-2\"><strong>Datum<\/strong><\/td><td class=\"column-3\"><strong>Uhrzeit<\/strong><\/td><td class=\"column-4\"><\/td>\n<\/tr>\n<tr class=\"row-3\">\n\t<td class=\"column-1\">5. Seminar-Block<\/td><td class=\"column-2\">24.04.2026<br \/>\n25.04.2026<\/td><td class=\"column-3\">09.00 - 16.00 Uhr<br \/>\n09.00 - 16.00 Uhr<\/td><td class=\"column-4\"><\/td>\n<\/tr>\n<tr class=\"row-4\">\n\t<td class=\"column-1\">Supervisionsseminar<\/td><td class=\"column-2\">26.04.2026<br \/>\n27.04.2026<\/td><td class=\"column-3\">09.00 - 16.00 Uhr<br \/>\n09.00 - 16.00 Uhr<\/td><td class=\"column-4\"><\/td>\n<\/tr>\n<tr class=\"row-5\">\n\t<td class=\"column-1\">6. Seminar-Block<\/td><td class=\"column-2\">09.10.2026<br \/>\n10.10.2026<\/td><td class=\"column-3\">09.00 - 16.00 Uhr<br \/>\n09.00 - 16.00 Uhr<\/td><td class=\"column-4\"><\/td>\n<\/tr>\n<\/tbody>\n<\/table>\n<!-- #tablepress-155 from cache -->\n<p>&nbsp;<\/p>\n\n<table id=\"tablepress-64\" class=\"tablepress tablepress-id-64\">\n<thead>\n<tr class=\"row-1\">\n\t<th class=\"column-1\"><strong>M\u00fcnchen<\/strong><\/th><td class=\"column-2\"><\/td><td class=\"column-3\"><\/td><td class=\"column-4\"><\/td>\n<\/tr>\n<\/thead>\n<tbody class=\"row-striping row-hover\">\n<tr class=\"row-2\">\n\t<td class=\"column-1\"><strong>Kursreihe<\/strong><\/td><td class=\"column-2\"><strong>Datum<\/strong><\/td><td class=\"column-3\"><strong>Uhrzeit<\/strong><\/td><td class=\"column-4\"><\/td>\n<\/tr>\n<tr class=\"row-3\">\n\t<td class=\"column-1\">1. Seminar-Block<\/td><td class=\"column-2\">17.04.2026<br \/>\n18.04.2026<\/td><td class=\"column-3\">09.00 - 16.00 Uhr<br \/>\n09.00 - 16.00 Uhr<\/td><td class=\"column-4\"><\/td>\n<\/tr>\n<tr class=\"row-4\">\n\t<td class=\"column-1\">2. Seminar-Block<\/td><td class=\"column-2\">19.06.2026<br \/>\n20.06.2026<\/td><td class=\"column-3\">09.00 - 16.00 Uhr<br \/>\n09.00 - 16.00 Uhr<\/td><td class=\"column-4\"><\/td>\n<\/tr>\n<tr class=\"row-5\">\n\t<td class=\"column-1\">3. Seminar-Block<\/td><td class=\"column-2\">22.01.2027<br \/>\n23.01.2027<\/td><td class=\"column-3\">09.00 - 16.00 Uhr<br \/>\n09.00 - 16.00 Uhr<\/td><td class=\"column-4\"><\/td>\n<\/tr>\n<tr class=\"row-6\">\n\t<td class=\"column-1\">4. Seminar-Block<\/td><td class=\"column-2\">12.11.2027<br \/>\n13.11.2027<\/td><td class=\"column-3\">09.00 - 16.00 Uhr<br \/>\n09.00 - 16.00 Uhr<\/td><td class=\"column-4\"><\/td>\n<\/tr>\n<tr class=\"row-7\">\n\t<td class=\"column-1\">5. Seminar-Block<\/td><td class=\"column-2\">21.01.2028<br \/>\n22.01.2028<\/td><td class=\"column-3\">09.00 - 16.00 Uhr<br \/>\n09.00 - 16.00 Uhr<\/td><td class=\"column-4\"><\/td>\n<\/tr>\n<tr class=\"row-8\">\n\t<td class=\"column-1\">Supervisionsseminar<\/td><td class=\"column-2\">23.01.2028<br \/>\n24.01.2028<br \/>\n25.01.2028<\/td><td class=\"column-3\">09.00 - 16.00 Uhr<br \/>\n09.00 - 16.00 Uhr<br \/>\n09.00 - 16.00 Uhr<\/td><td class=\"column-4\"><\/td>\n<\/tr>\n<tr class=\"row-9\">\n\t<td class=\"column-1\">6. Seminar-Block<\/td><td class=\"column-2\">05.05.2028<br \/>\n06.05.2028<\/td><td class=\"column-3\">09.00 - 16.00 Uhr<br \/>\n09.00 - 16.00 Uhr<\/td><td class=\"column-4\"><\/td>\n<\/tr>\n<\/tbody>\n<\/table>\n<!-- #tablepress-64 from cache -->\n<p>&nbsp;<\/p>\n<p style=\"font-weight: 400\"><span style=\"font-family: arial, helvetica, sans-serif\"><strong><span style=\"font-size: 22pt\">Weitere Orte, an denen Seminare u.a. Veranstaltungen angeboten werden:<\/span><\/strong><\/span><\/p>\n<table style=\"height: 48px\" width=\"0\">\n<tbody>\n<tr style=\"height: 48px\">\n<td style=\"height: 48px;width: 1043.17px\"><span style=\"font-size: 24pt\"><strong><span style=\"font-family: arial, helvetica, sans-serif\">1. Seminar-Block<\/span><\/strong><\/span><\/td>\n<\/tr>\n<\/tbody>\n<\/table>\n<p>&nbsp;<\/p>\n\n<table id=\"tablepress-67\" class=\"tablepress tablepress-id-67 tbody-has-connected-cells\">\n<thead>\n<tr class=\"row-1\">\n\t<th class=\"column-1\"><strong>Dornstadt <\/strong><\/th><td class=\"column-2\"><\/td><td class=\"column-3\"><\/td><td class=\"column-4\"><\/td>\n<\/tr>\n<\/thead>\n<tbody class=\"row-striping row-hover\">\n<tr class=\"row-2\">\n\t<td colspan=\"4\" class=\"column-1\"><strong>Linksh\u00e4nder und umgeschulte Linksh\u00e4nder im p\u00e4dagogischen und therapeutischen Bereich<\/strong> <\/td>\n<\/tr>\n<tr class=\"row-3\">\n\t<td class=\"column-1\"><strong>Datum<\/strong><\/td><td class=\"column-2\"><strong>Uhrzeit<\/strong><\/td><td class=\"column-3\"><strong>Veranstalter und Ort<\/strong><\/td><td class=\"column-4\"><strong>Anmeldung<\/strong><\/td>\n<\/tr>\n<tr class=\"row-4\">\n\t<td class=\"column-1\">03.07.2026<br \/>\n04.07.2026<\/td><td class=\"column-2\">09.00 \u2013 16.30 Uhr <br \/>\n09.00 \u2013 16.30 Uhr<\/td><td class=\"column-3\">Diakonisches Institut <br \/>\nf\u00fcr soziale Berufe, Bodelschwinghweg 30<br \/>\n89160 Dornstadt<\/td><td class=\"column-4\">Frau Groner Tel. 07348 \/ 98 74 71.<br \/>\nWeitere Informationen und <a href=\"https:\/\/diakonisches-institut.de\/kurs\/linkshaender-und-umgeschulte-linkshaendige-personen-im-therapeutischen-und-paedagogischen-bereich\/\"> Zur Anmeldung<\/a><br \/>\nE-Mail: info@diakonisches-institut.de<br \/>\n<\/td>\n<\/tr>\n<\/tbody>\n<\/table>\n<!-- #tablepress-67 from cache -->\n<p>&nbsp;<\/p>\n<table style=\"width: 99.8351%\">\n<tbody>\n<tr>\n<td style=\"width: 100%\"><span style=\"font-family: arial, helvetica, sans-serif;font-size: 24pt\"><strong>Vortr\u00e4ge und Tagesseminare<\/strong><\/span><\/td>\n<\/tr>\n<\/tbody>\n<\/table>\n\n<table id=\"tablepress-168\" class=\"tablepress tablepress-id-168 tbody-has-connected-cells\">\n<thead>\n<tr class=\"row-1\">\n\t<th class=\"column-1\"><strong>M\u00fcnchen<\/strong><\/th><td class=\"column-2\"><\/td><td class=\"column-3\"><\/td><td class=\"column-4\"><\/td>\n<\/tr>\n<\/thead>\n<tbody class=\"row-striping row-hover\">\n<tr class=\"row-2\">\n\t<td colspan=\"4\" class=\"column-1\"><strong>Tagesseminar: \"Das linksh\u00e4ndige Kind: seine Begabungen und seine Schwierigkeiten\"<\/strong> <\/td>\n<\/tr>\n<tr class=\"row-3\">\n\t<td class=\"column-1\"><strong>Datum<\/strong><\/td><td class=\"column-2\"><strong>Uhrzeit<\/strong><\/td><td class=\"column-3\"><strong>Veranstalter und Ort<\/strong><\/td><td class=\"column-4\"><strong>Anmeldung<\/strong><\/td>\n<\/tr>\n<tr class=\"row-4\">\n\t<td class=\"column-1\">16.11.2026<br \/>\n<\/td><td class=\"column-2\">09.00 \u2013 16.15 Uhr<br \/>\n<\/td><td class=\"column-3\">P\u00e4dagogisches Institut der <br \/>\nLandeshauptstadt M\u00fcnchen<br \/>\nHerrnstr. 19<br \/>\n80539 M\u00fcnchen<br \/>\n<\/td><td class=\"column-4\">Eva Karbaumer<br \/>\nTel. 089 \/ 233 - 2 23 68<br \/>\neva.karbaumer@muenchen.de<\/td>\n<\/tr>\n<tr class=\"row-5\">\n\t<td colspan=\"4\" class=\"column-1\"><strong>Inhalt: <\/strong> F\u00fcr die normale H\u00e4ndigkeitsentwicklung des Kindes sind das Kindergartenalter und die ersten Schuljahre von sehr gro\u00dfer Bedeutung: Hier erlebt das Kind seine H\u00e4ndigkeit entweder als etwas Normales, Unproblematisches oder es wird verunsichert oder sogar durch &#034;sanfte&#034; Umschulungsversuche auf die rechte Hand gest\u00f6rt. Die Umschulung der Schreibhand kann zu Problemen f\u00fchren. In Folge m\u00f6glicherweise auftretende Konzentrations-, Ged\u00e4chtnis- oder motorische St\u00f6rungen werden zudem nicht immer als Ergebnis einer Umschulung der H\u00e4ndigkeit erkannt.<br \/>\nSeminarinhalt:<br \/>\n- Entdeckung der H\u00e4ndigkeit beim Kind <br \/>\n- richtige Haltung beim Malen und Schreiben <br \/>\n- Arbeitsplatzanordnung und Gebrauchsgegenst\u00e4nde des linksh\u00e4ndigen Kindes<br \/>\n- m\u00f6gliche Schwierigkeiten des umgeschulten Kindes<br \/>\n<strong><br \/>\nZielgruppe:<\/strong> Beratungslehrkr\u00e4fte und Schulpsycholog_innen; Heil- und Sozialp\u00e4dagog_innen; P\u00e4dagogische<br \/>\nMitarbeiter_innen in Kindertageseinrichtungen<br \/>\n<strong><br \/>\nReferentin:<\/strong> Dr. J. Barbara Sattler<\/td>\n<\/tr>\n<\/tbody>\n<\/table>\n<!-- #tablepress-168 from cache -->\n<p>&nbsp;<\/p>\n<table>\n<tbody>\n<tr>\n<td><strong><span style=\"font-size: 22pt;font-family: arial, helvetica, sans-serif\"><span style=\"font-size: 24pt\">Neurologie und H\u00e4ndigkeit<\/span>\u00a0<\/span><br \/>\n<\/strong><\/td>\n<\/tr>\n<\/tbody>\n<\/table>\n\n<table id=\"tablepress-68\" class=\"tablepress tablepress-id-68 tbody-has-connected-cells\">\n<thead>\n<tr class=\"row-1\">\n\t<th class=\"column-1\"><strong>M\u00fcnchen<\/strong><\/th><td class=\"column-2\"><\/td><td class=\"column-3\"><\/td><td class=\"column-4\"><\/td>\n<\/tr>\n<\/thead>\n<tbody class=\"row-striping row-hover\">\n<tr class=\"row-2\">\n\t<td colspan=\"4\" class=\"column-1\"><strong>Semi-Online Seminar: Neurologie &amp; H\u00e4ndigkeit <\/strong> <\/td>\n<\/tr>\n<tr class=\"row-3\">\n\t<td class=\"column-1\"><strong>Datum<\/strong><\/td><td class=\"column-2\"><strong>Uhrzeit<\/strong><\/td><td class=\"column-3\"><strong>Veranstalter und Ort<\/strong><\/td><td class=\"column-4\"><strong>Anmeldung<\/strong><\/td>\n<\/tr>\n<tr class=\"row-4\">\n\t<td class=\"column-1\">05.06.2026<br \/>\n06.06.2026<\/td><td class=\"column-2\">09.00 \u2013 16.00 Uhr<br \/>\n09.00 \u2013 16.00 Uhr<\/td><td class=\"column-3\">Beratungsstelle f\u00fcr Linksh\u00e4nder e.V.<br \/>\nSendlinger Str. 17<\/td><td class=\"column-4\">Tel. 089 \/ 26 86 14<br \/>\n<\/td>\n<\/tr>\n<tr class=\"row-5\">\n\t<td colspan=\"4\" class=\"column-1\"><strong>Inhalt: <\/strong> In diesem Seminar werden wir uns mit folgenden Themenschwerpunkten besch\u00e4ftigen:<br \/>\n<br \/>\n\u00b7         \u00dcberlegungen von Prof. Dr. Annunciato w\u00e4hrend der Fachtagung \u201eNeurologie &amp; H\u00e4ndigkeit in Schloss Beuggen<br \/>\n<br \/>\n\u00b7         Erkenntnisse aus Forschungen von Prof. Dr. Siebner und Dr. Kl\u00f6ppel<br \/>\n<br \/>\n\u00b7         Umschulung der H\u00e4ndigkeit unter dem Aspekt der Plastizit\u00e4t des Gehirns<br \/>\n<br \/>\n\u00b7         Neurologische Pr\u00e4gung: Umwelt und Erziehung oder Vererbung?<br \/>\n<br \/>\n\u00b7         Langzeitfolgen und Konsequenzen der umgeschulten Linksh\u00e4ndigkeit<br \/>\n<br \/>\n<strong>Zielgruppe: <\/strong>Zertifizierte Linksh\u00e4nder-BeraterInnen und Fachleute mit neurologischem Grundwissen<br \/>\n<strong>Dozentinnen:<\/strong> Dr. J. Barbara Sattler und Wiebke Kaas<\/td>\n<\/tr>\n<\/tbody>\n<\/table>\n<!-- #tablepress-68 from cache -->\n<p>&nbsp;<\/p>\n<table style=\"border-collapse: collapse;width: 100%\">\n<tbody>\n<tr>\n<td style=\"width: 100%\"><strong><span style=\"font-family: arial, helvetica, sans-serif;font-size: 22pt\"><span style=\"font-size: 24pt\">Update-Seminar und Supervisionsseminar<\/span><br \/>\n<\/span><\/strong><\/td>\n<\/tr>\n<\/tbody>\n<\/table>\n\n<table id=\"tablepress-69\" class=\"tablepress tablepress-id-69 tbody-has-connected-cells\">\n<thead>\n<tr class=\"row-1\">\n\t<th class=\"column-1\"><strong>Leipzig<\/strong><\/th><td class=\"column-2\"><\/td><td class=\"column-3\"><\/td><td class=\"column-4\"><\/td>\n<\/tr>\n<\/thead>\n<tbody class=\"row-striping row-hover\">\n<tr class=\"row-2\">\n\t<td colspan=\"4\" class=\"column-1\"><strong>Update-Seminar \u2013 Manual H\u00e4ndigkeitsabkl\u00e4rung S-MH\u00ae f\u00fcr  zertifizierte Linksh\u00e4nder-BeraterInnen<\/strong><\/td>\n<\/tr>\n<tr class=\"row-3\">\n\t<td class=\"column-1\"><strong>Datum<\/strong><\/td><td class=\"column-2\"><strong>Uhrzeit<\/strong><\/td><td class=\"column-3\"><strong>Veranstalter und Ort<\/strong><\/td><td class=\"column-4\"><strong>Anmeldung<\/strong><\/td>\n<\/tr>\n<tr class=\"row-4\">\n\t<td class=\"column-1\">30.08.2026<br \/>\n31.08.2026<\/td><td class=\"column-2\">09.00 \u2013 16.00 Uhr<br \/>\n09.00 \u2013 16.00 Uhr<\/td><td class=\"column-3\">Heimerer Akademie, Hohmannstr. 7b,<br \/>\n04129 Leipzig<br \/>\nwww.heimerer-akademie.de <\/td><td class=\"column-4\">Tel. 03421 \/ 72 87 72-0<\/td>\n<\/tr>\n<\/tbody>\n<\/table>\n<!-- #tablepress-69 from cache -->\n<p>&nbsp;<\/p>\n<p>Stand: 17. M\u00e4rz 2026<\/p>\n","protected":false},"excerpt":{"rendered":"<p>Seminare &amp; Vortr\u00e4ge Zusatzausbildung zum\/zur zertifizierten Linksh\u00e4nder-BeraterIn nach Methodik Dr. Johanna Barbara Sattler (S-MH\u00ae) Die Zusatzausbildung zum\/zur zertifizierten Linksh\u00e4nder-BeraterIn nach Methodik Dr. Johanna Barbara Sattler\u00a0k\u00f6nnen Fachleute erwerben, die eine Berufsausbildung und Berufserfahrungen in p\u00e4dagogischen, therapeutischen oder medizinischen Bereichen haben. Genauere Einzelheiten finden Sie auf unserer Seite\u00a0Zusatzausbildung. Dr. Sattler f\u00fchrt bei den im Folgenden aufgef\u00fchrten Veranstaltern und an verschiedenen Orten die Kurse der Zusatzausbildung durch; Preis und Ort erfragen Sie bitte bei den Veranstaltern: Seit der Corona-Pandemie finden Seminare und Kurse zum Teil auch online statt. &nbsp; Akademie f\u00fcr praxisnahe Bildung Lichtenhaidestr. 15, 96052 Bamberg, Tel. 0951 \/ 20 20 76, www.akademiebamberg.de &nbsp; Heimerer Akademie Hohmannstr. 7b, 04129 Leipzig, Tel. 03421 \/ 72 87 72 &#8211; 0, www.heimerer-akademie.de\u00a0 &nbsp; &nbsp; &nbsp; &nbsp; Weitere Orte, an denen Seminare u.a. Veranstaltungen angeboten werden: 1. Seminar-Block &nbsp; &nbsp; Vortr\u00e4ge und Tagesseminare &nbsp; Neurologie und H\u00e4ndigkeit\u00a0 &nbsp; Update-Seminar und Supervisionsseminar &nbsp; Stand: 17. M\u00e4rz 2026<\/p>\n","protected":false},"author":1,"featured_media":0,"parent":25,"menu_order":56,"comment_status":"closed","ping_status":"closed","template":"","meta":{"_cbd_carousel_blocks":"[]","footnotes":""},"class_list":["post-47","page","type-page","status-publish"],"_links":{"self":[{"href":"https:\/\/lefthander-consulting.org\/deutsch\/wp-json\/wp\/v2\/pages\/47","targetHints":{"allow":["GET"]}}],"collection":[{"href":"https:\/\/lefthander-consulting.org\/deutsch\/wp-json\/wp\/v2\/pages"}],"about":[{"href":"https:\/\/lefthander-consulting.org\/deutsch\/wp-json\/wp\/v2\/types\/page"}],"author":[{"embeddable":true,"href":"https:\/\/lefthander-consulting.org\/deutsch\/wp-json\/wp\/v2\/users\/1"}],"replies":[{"embeddable":true,"href":"https:\/\/lefthander-consulting.org\/deutsch\/wp-json\/wp\/v2\/comments?post=47"}],"version-history":[{"count":2,"href":"https:\/\/lefthander-consulting.org\/deutsch\/wp-json\/wp\/v2\/pages\/47\/revisions"}],"predecessor-version":[{"id":15562,"href":"https:\/\/lefthander-consulting.org\/deutsch\/wp-json\/wp\/v2\/pages\/47\/revisions\/15562"}],"up":[{"embeddable":true,"href":"https:\/\/lefthander-consulting.org\/deutsch\/wp-json\/wp\/v2\/pages\/25"}],"wp:attachment":[{"href":"https:\/\/lefthander-consulting.org\/deutsch\/wp-json\/wp\/v2\/media?parent=47"}],"curies":[{"name":"wp","href":"https:\/\/api.w.org\/{rel}","templated":true}]}}